{"id":1498,"date":"2022-10-19T14:43:47","date_gmt":"2022-10-19T14:43:47","guid":{"rendered":"https:\/\/avadawebsites.wpengine.com\/business\/?page_id=1498"},"modified":"2025-05-30T01:07:00","modified_gmt":"2025-05-30T04:07:00","slug":"noticias","status":"publish","type":"page","link":"https:\/\/conciencialogistica.com\/web\/noticias\/","title":{"rendered":"Noticias"},"content":{"rendered":"<div class=\"fusion-fullwidth fullwidth-box fusion-builder-row-1 fusion-flex-container has-pattern-background has-mask-background nonhundred-percent-fullwidth non-hundred-percent-height-scrolling\" style=\"--awb-border-radius-top-left:0px;--awb-border-radius-top-right:0px;--awb-border-radius-bottom-right:0px;--awb-border-radius-bottom-left:0px;--awb-margin-bottom:60px;--awb-flex-wrap:wrap;\" ><div class=\"fusion-builder-row fusion-row fusion-flex-align-items-flex-start fusion-flex-content-wrap\" style=\"max-width:1372.8px;margin-left: calc(-4% \/ 2 );margin-right: calc(-4% \/ 2 );\"><div class=\"fusion-layout-column fusion_builder_column fusion-builder-column-0 fusion_builder_column_1_1 1_1 fusion-flex-column\" style=\"--awb-bg-size:cover;--awb-width-large:100%;--awb-margin-top-large:0px;--awb-spacing-right-large:1.92%;--awb-margin-bottom-large:0px;--awb-spacing-left-large:1.92%;--awb-width-medium:60%;--awb-order-medium:0;--awb-spacing-right-medium:3.2%;--awb-spacing-left-medium:3.2%;--awb-width-small:100%;--awb-order-small:0;--awb-spacing-right-small:1.92%;--awb-spacing-left-small:1.92%;\"><div class=\"fusion-column-wrapper fusion-column-has-shadow fusion-flex-justify-content-flex-start fusion-content-layout-column\"><div class=\"fusion-post-cards fusion-post-cards-1 fusion-grid-archive fusion-grid-columns-3\" style=\"--awb-column-spacing:50px;--awb-columns:3;--awb-active-filter-border-size:3px;--awb-filters-height:36px;--awb-row-spacing:50px;--awb-columns-medium:100%;--awb-columns-small:100%;\"><ul class=\"fusion-grid fusion-grid-3 fusion-flex-align-items-flex-start fusion-grid-posts-cards\"><li class=\"fusion-layout-column fusion_builder_column fusion-builder-column-1 fusion-flex-column post-card fusion-grid-column fusion-post-cards-grid-column\" style=\"--awb-bg-blend:overlay;--awb-bg-size:cover;\"><div class=\"fusion-column-wrapper fusion-flex-justify-content-flex-start fusion-content-layout-column\"><div class=\"fusion-image-element \" style=\"--awb-aspect-ratio:1 \/ 1;--awb-margin-bottom:30px;--awb-caption-title-font-family:var(--h2_typography-font-family);--awb-caption-title-font-weight:var(--h2_typography-font-weight);--awb-caption-title-font-style:var(--h2_typography-font-style);--awb-caption-title-size:var(--h2_typography-font-size);--awb-caption-title-transform:var(--h2_typography-text-transform);--awb-caption-title-line-height:var(--h2_typography-line-height);--awb-caption-title-letter-spacing:var(--h2_typography-letter-spacing);\"><span class=\" fusion-imageframe imageframe-none imageframe-1 hover-type-none has-aspect-ratio\" style=\"border-radius:10px;\"><a class=\"fusion-no-lightbox\" href=\"https:\/\/conciencialogistica.com\/web\/2025\/05\/23\/smartvitacura\/\" target=\"_self\" aria-label=\"Noticia SMART VITACURA\"><img decoding=\"async\" width=\"476\" height=\"594\" src=\"https:\/\/conciencialogistica.com\/web\/wp-content\/uploads\/2025\/05\/Noticia-SMART-VITACURA.jpg\" data-orig-src=\"https:\/\/conciencialogistica.com\/web\/wp-content\/uploads\/2025\/05\/Noticia-SMART-VITACURA.jpg\" class=\"lazyload img-responsive wp-image-3557 img-with-aspect-ratio\" data-parent-fit=\"cover\" data-parent-container=\".fusion-image-element\" alt srcset=\"data:image\/svg+xml,%3Csvg%20xmlns%3D%27http%3A%2F%2Fwww.w3.org%2F2000%2Fsvg%27%20width%3D%27476%27%20height%3D%27594%27%20viewBox%3D%270%200%20476%20594%27%3E%3Crect%20width%3D%27476%27%20height%3D%27594%27%20fill-opacity%3D%220%22%2F%3E%3C%2Fsvg%3E\" data-srcset=\"https:\/\/conciencialogistica.com\/web\/wp-content\/uploads\/2025\/05\/Noticia-SMART-VITACURA-200x250.jpg 200w, https:\/\/conciencialogistica.com\/web\/wp-content\/uploads\/2025\/05\/Noticia-SMART-VITACURA-400x499.jpg 400w, https:\/\/conciencialogistica.com\/web\/wp-content\/uploads\/2025\/05\/Noticia-SMART-VITACURA.jpg 476w\" data-sizes=\"auto\" data-orig-sizes=\"(max-width: 850px) 100vw, 476px\" \/><\/a><\/span><\/div><div class=\"fusion-title title fusion-title-1 fusion-sep-none fusion-title-text fusion-title-size-six\" style=\"--awb-margin-top:0px;--awb-margin-right:20px;--awb-margin-bottom:0px;--awb-margin-left:10px;--awb-margin-left-small:10px;--awb-link-color:var(--awb-color8);\"><h6 class=\"fusion-title-heading title-heading-left\" style=\"margin:0;text-transform:none;\"><a href=\"https:\/\/conciencialogistica.com\/web\/2025\/05\/23\/smartvitacura\/\" class=\"awb-custom-text-color awb-custom-text-hover-color\" target=\"_self\">HUB VITACURA y FCh seleccionan a CONCIENCIA LOG\u00cdSTICA para participar en el bootcamp del programa SMART Vitacura.<\/a><\/h6><\/div><div class=\"fusion-separator fusion-full-width-sep\" style=\"align-self: center;margin-left: auto;margin-right: auto;flex-grow:1;width:100%;\"><\/div><div class=\"fusion-separator\" style=\"align-self: flex-start;margin-right:auto;margin-top:20px;width:100%;max-width:80px;\"><div class=\"fusion-separator-border sep-single sep-dotted\" style=\"--awb-height:20px;--awb-amount:20px;--awb-sep-color:var(--awb-color4);border-color:var(--awb-color4);border-top-width:1px;\"><\/div><\/div><div ><a class=\"fusion-button button-flat fusion-button-default-size button-custom fusion-button-default button-1 fusion-button-default-span fusion-button-default-type awb-b-icon-pos-right\" style=\"--button_bevel_color:var(--awb-color5);--button_bevel_color_hover:var(--awb-color8);--button_accent_color:var(--awb-color5);--button_border_color:var(--awb-color4);--button_accent_hover_color:var(--awb-color8);--button_border_hover_color:var(--awb-color5);--button_border_width-top:0px;--button_border_width-right:0px;--button_border_width-bottom:0px;--button_border_width-left:0px;--button_gradient_top_color:hsla(var(--awb-color1-h),var(--awb-color1-s),var(--awb-color1-l),calc(var(--awb-color1-a) - 100%));--button_gradient_bottom_color:hsla(var(--awb-color1-h),var(--awb-color1-s),var(--awb-color1-l),calc(var(--awb-color1-a) - 100%));--button_gradient_top_color_hover:hsla(var(--awb-color1-h),var(--awb-color1-s),var(--awb-color1-l),calc(var(--awb-color1-a) - 100%));--button_gradient_bottom_color_hover:hsla(var(--awb-color1-h),var(--awb-color1-s),var(--awb-color1-l),calc(var(--awb-color1-a) - 100%));--button_text_transform:var(--awb-typography3-text-transform);--button_font_size:var(--awb-typography3-font-size);--button_line_height:var(--awb-typography3-line-height);--button_padding-top:20px;--button_padding-right:30px;--button_padding-bottom:20px;--button_padding-left:30px;--button_typography-letter-spacing:var(--awb-typography3-letter-spacing);--button_typography-font-family:var(--awb-typography3-font-family);--button_typography-font-weight:var(--awb-typography3-font-weight);--button_typography-font-style:var(--awb-typography3-font-style);--button_margin-top:5px;--button_margin-left:-18px;\" target=\"_self\" data-hover=\"icon_position\" title=\"Click Here\" aria-label=\"Click Here\" role=\"button\" href=\"https:\/\/conciencialogistica.com\/web\/2025\/05\/23\/smartvitacura\/\"><span class=\"fusion-button-text awb-button__text awb-button__text--default\">leer m\u00e1s<\/span><i class=\"awb-business-long-arrow-alt-right-solid awb-button__icon awb-button__icon--default button-icon-right\" aria-hidden=\"true\"><\/i><i class=\"awb-business-long-arrow-alt-right-solid awb-button__icon awb-button__icon--default button-icon-right\" aria-hidden=\"true\"><\/i><\/a><\/div><\/div><\/li>\n<li class=\"fusion-layout-column fusion_builder_column fusion-builder-column-2 fusion-flex-column post-card fusion-grid-column fusion-post-cards-grid-column\" style=\"--awb-bg-blend:overlay;--awb-bg-size:cover;\"><div class=\"fusion-column-wrapper fusion-flex-justify-content-flex-start fusion-content-layout-column\"><div class=\"fusion-image-element \" style=\"--awb-aspect-ratio:1 \/ 1;--awb-margin-bottom:30px;--awb-caption-title-font-family:var(--h2_typography-font-family);--awb-caption-title-font-weight:var(--h2_typography-font-weight);--awb-caption-title-font-style:var(--h2_typography-font-style);--awb-caption-title-size:var(--h2_typography-font-size);--awb-caption-title-transform:var(--h2_typography-text-transform);--awb-caption-title-line-height:var(--h2_typography-line-height);--awb-caption-title-letter-spacing:var(--h2_typography-letter-spacing);\"><span class=\" fusion-imageframe imageframe-none imageframe-2 hover-type-none has-aspect-ratio\" style=\"border-radius:10px;\"><a class=\"fusion-no-lightbox\" href=\"https:\/\/conciencialogistica.com\/web\/2025\/05\/20\/prochile\/\" target=\"_self\" aria-label=\"Noticia PROCHILE\"><img decoding=\"async\" width=\"800\" height=\"800\" src=\"https:\/\/conciencialogistica.com\/web\/wp-content\/uploads\/2025\/05\/Noticia-PROCHILE.jpg\" data-orig-src=\"https:\/\/conciencialogistica.com\/web\/wp-content\/uploads\/2025\/05\/Noticia-PROCHILE.jpg\" class=\"lazyload img-responsive wp-image-3554 img-with-aspect-ratio\" data-parent-fit=\"cover\" data-parent-container=\".fusion-image-element\" alt srcset=\"data:image\/svg+xml,%3Csvg%20xmlns%3D%27http%3A%2F%2Fwww.w3.org%2F2000%2Fsvg%27%20width%3D%27800%27%20height%3D%27800%27%20viewBox%3D%270%200%20800%20800%27%3E%3Crect%20width%3D%27800%27%20height%3D%27800%27%20fill-opacity%3D%220%22%2F%3E%3C%2Fsvg%3E\" data-srcset=\"https:\/\/conciencialogistica.com\/web\/wp-content\/uploads\/2025\/05\/Noticia-PROCHILE-200x200.jpg 200w, https:\/\/conciencialogistica.com\/web\/wp-content\/uploads\/2025\/05\/Noticia-PROCHILE-400x400.jpg 400w, https:\/\/conciencialogistica.com\/web\/wp-content\/uploads\/2025\/05\/Noticia-PROCHILE-600x600.jpg 600w, https:\/\/conciencialogistica.com\/web\/wp-content\/uploads\/2025\/05\/Noticia-PROCHILE.jpg 800w\" data-sizes=\"auto\" data-orig-sizes=\"(max-width: 850px) 100vw, 800px\" \/><\/a><\/span><\/div><div class=\"fusion-title title fusion-title-2 fusion-sep-none fusion-title-text fusion-title-size-six\" style=\"--awb-margin-top:0px;--awb-margin-right:20px;--awb-margin-bottom:0px;--awb-margin-left:10px;--awb-margin-left-small:10px;--awb-link-color:var(--awb-color8);\"><h6 class=\"fusion-title-heading title-heading-left\" style=\"margin:0;text-transform:none;\"><a href=\"https:\/\/conciencialogistica.com\/web\/2025\/05\/20\/prochile\/\" class=\"awb-custom-text-color awb-custom-text-hover-color\" target=\"_self\">PROCHILE selecciona a CONCIENCIA LOG\u00cdSTICA para integrar la misi\u00f3n comercial de log\u00edstica a Per\u00fa.<\/a><\/h6><\/div><div class=\"fusion-separator fusion-full-width-sep\" style=\"align-self: center;margin-left: auto;margin-right: auto;flex-grow:1;width:100%;\"><\/div><div class=\"fusion-separator\" style=\"align-self: flex-start;margin-right:auto;margin-top:20px;width:100%;max-width:80px;\"><div class=\"fusion-separator-border sep-single sep-dotted\" style=\"--awb-height:20px;--awb-amount:20px;--awb-sep-color:var(--awb-color4);border-color:var(--awb-color4);border-top-width:1px;\"><\/div><\/div><div ><a class=\"fusion-button button-flat fusion-button-default-size button-custom fusion-button-default button-2 fusion-button-default-span fusion-button-default-type awb-b-icon-pos-right\" style=\"--button_bevel_color:var(--awb-color5);--button_bevel_color_hover:var(--awb-color8);--button_accent_color:var(--awb-color5);--button_border_color:var(--awb-color4);--button_accent_hover_color:var(--awb-color8);--button_border_hover_color:var(--awb-color5);--button_border_width-top:0px;--button_border_width-right:0px;--button_border_width-bottom:0px;--button_border_width-left:0px;--button_gradient_top_color:hsla(var(--awb-color1-h),var(--awb-color1-s),var(--awb-color1-l),calc(var(--awb-color1-a) - 100%));--button_gradient_bottom_color:hsla(var(--awb-color1-h),var(--awb-color1-s),var(--awb-color1-l),calc(var(--awb-color1-a) - 100%));--button_gradient_top_color_hover:hsla(var(--awb-color1-h),var(--awb-color1-s),var(--awb-color1-l),calc(var(--awb-color1-a) - 100%));--button_gradient_bottom_color_hover:hsla(var(--awb-color1-h),var(--awb-color1-s),var(--awb-color1-l),calc(var(--awb-color1-a) - 100%));--button_text_transform:var(--awb-typography3-text-transform);--button_font_size:var(--awb-typography3-font-size);--button_line_height:var(--awb-typography3-line-height);--button_padding-top:20px;--button_padding-right:30px;--button_padding-bottom:20px;--button_padding-left:30px;--button_typography-letter-spacing:var(--awb-typography3-letter-spacing);--button_typography-font-family:var(--awb-typography3-font-family);--button_typography-font-weight:var(--awb-typography3-font-weight);--button_typography-font-style:var(--awb-typography3-font-style);--button_margin-top:5px;--button_margin-left:-18px;\" target=\"_self\" data-hover=\"icon_position\" title=\"Click Here\" aria-label=\"Click Here\" role=\"button\" href=\"https:\/\/conciencialogistica.com\/web\/2025\/05\/20\/prochile\/\"><span class=\"fusion-button-text awb-button__text awb-button__text--default\">leer m\u00e1s<\/span><i class=\"awb-business-long-arrow-alt-right-solid awb-button__icon awb-button__icon--default button-icon-right\" aria-hidden=\"true\"><\/i><i class=\"awb-business-long-arrow-alt-right-solid awb-button__icon awb-button__icon--default button-icon-right\" aria-hidden=\"true\"><\/i><\/a><\/div><\/div><\/li>\n<li class=\"fusion-layout-column fusion_builder_column fusion-builder-column-3 fusion-flex-column post-card fusion-grid-column fusion-post-cards-grid-column\" style=\"--awb-bg-blend:overlay;--awb-bg-size:cover;\"><div class=\"fusion-column-wrapper fusion-flex-justify-content-flex-start fusion-content-layout-column\"><div class=\"fusion-image-element \" style=\"--awb-aspect-ratio:1 \/ 1;--awb-margin-bottom:30px;--awb-caption-title-font-family:var(--h2_typography-font-family);--awb-caption-title-font-weight:var(--h2_typography-font-weight);--awb-caption-title-font-style:var(--h2_typography-font-style);--awb-caption-title-size:var(--h2_typography-font-size);--awb-caption-title-transform:var(--h2_typography-text-transform);--awb-caption-title-line-height:var(--h2_typography-line-height);--awb-caption-title-letter-spacing:var(--h2_typography-letter-spacing);\"><span class=\" fusion-imageframe imageframe-none imageframe-3 hover-type-none has-aspect-ratio\" style=\"border-radius:10px;\"><a class=\"fusion-no-lightbox\" href=\"https:\/\/conciencialogistica.com\/web\/2025\/05\/12\/senapred\/\" target=\"_self\" aria-label=\"Noticia SENAPRED\"><img decoding=\"async\" width=\"914\" height=\"1146\" src=\"https:\/\/conciencialogistica.com\/web\/wp-content\/uploads\/2025\/05\/Noticia-SENAPRED.jpg\" data-orig-src=\"https:\/\/conciencialogistica.com\/web\/wp-content\/uploads\/2025\/05\/Noticia-SENAPRED.jpg\" class=\"lazyload img-responsive wp-image-3522 img-with-aspect-ratio\" data-parent-fit=\"cover\" data-parent-container=\".fusion-image-element\" alt srcset=\"data:image\/svg+xml,%3Csvg%20xmlns%3D%27http%3A%2F%2Fwww.w3.org%2F2000%2Fsvg%27%20width%3D%27914%27%20height%3D%271146%27%20viewBox%3D%270%200%20914%201146%27%3E%3Crect%20width%3D%27914%27%20height%3D%271146%27%20fill-opacity%3D%220%22%2F%3E%3C%2Fsvg%3E\" data-srcset=\"https:\/\/conciencialogistica.com\/web\/wp-content\/uploads\/2025\/05\/Noticia-SENAPRED-200x251.jpg 200w, https:\/\/conciencialogistica.com\/web\/wp-content\/uploads\/2025\/05\/Noticia-SENAPRED-400x502.jpg 400w, https:\/\/conciencialogistica.com\/web\/wp-content\/uploads\/2025\/05\/Noticia-SENAPRED-600x752.jpg 600w, https:\/\/conciencialogistica.com\/web\/wp-content\/uploads\/2025\/05\/Noticia-SENAPRED-800x1003.jpg 800w, https:\/\/conciencialogistica.com\/web\/wp-content\/uploads\/2025\/05\/Noticia-SENAPRED.jpg 914w\" data-sizes=\"auto\" data-orig-sizes=\"(max-width: 850px) 100vw, 914px\" \/><\/a><\/span><\/div><div class=\"fusion-title title fusion-title-3 fusion-sep-none fusion-title-text fusion-title-size-six\" style=\"--awb-margin-top:0px;--awb-margin-right:20px;--awb-margin-bottom:0px;--awb-margin-left:10px;--awb-margin-left-small:10px;--awb-link-color:var(--awb-color8);\"><h6 class=\"fusion-title-heading title-heading-left\" style=\"margin:0;text-transform:none;\"><a href=\"https:\/\/conciencialogistica.com\/web\/2025\/05\/12\/senapred\/\" class=\"awb-custom-text-color awb-custom-text-hover-color\" target=\"_self\">CONCIENCIA LOG\u00cdSTICA, SENAPRED y MTT: desarrollan plataforma digital para optimizar distribuci\u00f3n de kits de emergencia ante desastres.<\/a><\/h6><\/div><div class=\"fusion-separator fusion-full-width-sep\" style=\"align-self: center;margin-left: auto;margin-right: auto;flex-grow:1;width:100%;\"><\/div><div class=\"fusion-separator\" style=\"align-self: flex-start;margin-right:auto;margin-top:20px;width:100%;max-width:80px;\"><div class=\"fusion-separator-border sep-single sep-dotted\" style=\"--awb-height:20px;--awb-amount:20px;--awb-sep-color:var(--awb-color4);border-color:var(--awb-color4);border-top-width:1px;\"><\/div><\/div><div ><a class=\"fusion-button button-flat fusion-button-default-size button-custom fusion-button-default button-3 fusion-button-default-span fusion-button-default-type awb-b-icon-pos-right\" style=\"--button_bevel_color:var(--awb-color5);--button_bevel_color_hover:var(--awb-color8);--button_accent_color:var(--awb-color5);--button_border_color:var(--awb-color4);--button_accent_hover_color:var(--awb-color8);--button_border_hover_color:var(--awb-color5);--button_border_width-top:0px;--button_border_width-right:0px;--button_border_width-bottom:0px;--button_border_width-left:0px;--button_gradient_top_color:hsla(var(--awb-color1-h),var(--awb-color1-s),var(--awb-color1-l),calc(var(--awb-color1-a) - 100%));--button_gradient_bottom_color:hsla(var(--awb-color1-h),var(--awb-color1-s),var(--awb-color1-l),calc(var(--awb-color1-a) - 100%));--button_gradient_top_color_hover:hsla(var(--awb-color1-h),var(--awb-color1-s),var(--awb-color1-l),calc(var(--awb-color1-a) - 100%));--button_gradient_bottom_color_hover:hsla(var(--awb-color1-h),var(--awb-color1-s),var(--awb-color1-l),calc(var(--awb-color1-a) - 100%));--button_text_transform:var(--awb-typography3-text-transform);--button_font_size:var(--awb-typography3-font-size);--button_line_height:var(--awb-typography3-line-height);--button_padding-top:20px;--button_padding-right:30px;--button_padding-bottom:20px;--button_padding-left:30px;--button_typography-letter-spacing:var(--awb-typography3-letter-spacing);--button_typography-font-family:var(--awb-typography3-font-family);--button_typography-font-weight:var(--awb-typography3-font-weight);--button_typography-font-style:var(--awb-typography3-font-style);--button_margin-top:5px;--button_margin-left:-18px;\" target=\"_self\" data-hover=\"icon_position\" title=\"Click Here\" aria-label=\"Click Here\" role=\"button\" href=\"https:\/\/conciencialogistica.com\/web\/2025\/05\/12\/senapred\/\"><span class=\"fusion-button-text awb-button__text awb-button__text--default\">leer m\u00e1s<\/span><i class=\"awb-business-long-arrow-alt-right-solid awb-button__icon awb-button__icon--default button-icon-right\" aria-hidden=\"true\"><\/i><i class=\"awb-business-long-arrow-alt-right-solid awb-button__icon awb-button__icon--default button-icon-right\" aria-hidden=\"true\"><\/i><\/a><\/div><\/div><\/li>\n<li class=\"fusion-layout-column fusion_builder_column fusion-builder-column-4 fusion-flex-column post-card fusion-grid-column fusion-post-cards-grid-column\" style=\"--awb-bg-blend:overlay;--awb-bg-size:cover;\"><div class=\"fusion-column-wrapper fusion-flex-justify-content-flex-start fusion-content-layout-column\"><div class=\"fusion-image-element \" style=\"--awb-aspect-ratio:1 \/ 1;--awb-margin-bottom:30px;--awb-caption-title-font-family:var(--h2_typography-font-family);--awb-caption-title-font-weight:var(--h2_typography-font-weight);--awb-caption-title-font-style:var(--h2_typography-font-style);--awb-caption-title-size:var(--h2_typography-font-size);--awb-caption-title-transform:var(--h2_typography-text-transform);--awb-caption-title-line-height:var(--h2_typography-line-height);--awb-caption-title-letter-spacing:var(--h2_typography-letter-spacing);\"><span class=\" fusion-imageframe imageframe-none imageframe-4 hover-type-none has-aspect-ratio\" style=\"border-radius:10px;\"><a class=\"fusion-no-lightbox\" href=\"https:\/\/conciencialogistica.com\/web\/2025\/04\/02\/conciencia-logistica-colabora-con-ctl-unab-para-el-desarrollo-del-observatorio-de-puertos-de-la-v-region\/\" target=\"_self\" aria-label=\"NOTICIA PUERTOS V REGION LQ\"><img decoding=\"async\" width=\"2560\" height=\"1707\" src=\"https:\/\/conciencialogistica.com\/web\/wp-content\/uploads\/2025\/04\/NOTICIA-PUERTOS-V-REGION-LQ-scaled.jpg\" data-orig-src=\"https:\/\/conciencialogistica.com\/web\/wp-content\/uploads\/2025\/04\/NOTICIA-PUERTOS-V-REGION-LQ-scaled.jpg\" class=\"lazyload img-responsive wp-image-3585 img-with-aspect-ratio\" data-parent-fit=\"cover\" data-parent-container=\".fusion-image-element\" alt srcset=\"data:image\/svg+xml,%3Csvg%20xmlns%3D%27http%3A%2F%2Fwww.w3.org%2F2000%2Fsvg%27%20width%3D%272560%27%20height%3D%271707%27%20viewBox%3D%270%200%202560%201707%27%3E%3Crect%20width%3D%272560%27%20height%3D%271707%27%20fill-opacity%3D%220%22%2F%3E%3C%2Fsvg%3E\" data-srcset=\"https:\/\/conciencialogistica.com\/web\/wp-content\/uploads\/2025\/04\/NOTICIA-PUERTOS-V-REGION-LQ-200x133.jpg 200w, https:\/\/conciencialogistica.com\/web\/wp-content\/uploads\/2025\/04\/NOTICIA-PUERTOS-V-REGION-LQ-400x267.jpg 400w, https:\/\/conciencialogistica.com\/web\/wp-content\/uploads\/2025\/04\/NOTICIA-PUERTOS-V-REGION-LQ-600x400.jpg 600w, https:\/\/conciencialogistica.com\/web\/wp-content\/uploads\/2025\/04\/NOTICIA-PUERTOS-V-REGION-LQ-800x533.jpg 800w, https:\/\/conciencialogistica.com\/web\/wp-content\/uploads\/2025\/04\/NOTICIA-PUERTOS-V-REGION-LQ-1200x800.jpg 1200w, https:\/\/conciencialogistica.com\/web\/wp-content\/uploads\/2025\/04\/NOTICIA-PUERTOS-V-REGION-LQ-scaled.jpg 2560w\" data-sizes=\"auto\" data-orig-sizes=\"(max-width: 850px) 100vw, 2560px\" \/><\/a><\/span><\/div><div class=\"fusion-title title fusion-title-4 fusion-sep-none fusion-title-text fusion-title-size-six\" style=\"--awb-margin-top:0px;--awb-margin-right:20px;--awb-margin-bottom:0px;--awb-margin-left:10px;--awb-margin-left-small:10px;--awb-link-color:var(--awb-color8);\"><h6 class=\"fusion-title-heading title-heading-left\" style=\"margin:0;text-transform:none;\"><a href=\"https:\/\/conciencialogistica.com\/web\/2025\/04\/02\/conciencia-logistica-colabora-con-ctl-unab-para-el-desarrollo-del-observatorio-de-puertos-de-la-v-region\/\" class=\"awb-custom-text-color awb-custom-text-hover-color\" target=\"_self\">CONCIENCIA LOG\u00cdSTICA colabora con CTL-UNAB para el desarrollo del Observatorio de Puertos de la V Regi\u00f3n.<\/a><\/h6><\/div><div class=\"fusion-separator fusion-full-width-sep\" style=\"align-self: center;margin-left: auto;margin-right: auto;flex-grow:1;width:100%;\"><\/div><div class=\"fusion-separator\" style=\"align-self: flex-start;margin-right:auto;margin-top:20px;width:100%;max-width:80px;\"><div class=\"fusion-separator-border sep-single sep-dotted\" style=\"--awb-height:20px;--awb-amount:20px;--awb-sep-color:var(--awb-color4);border-color:var(--awb-color4);border-top-width:1px;\"><\/div><\/div><div ><a class=\"fusion-button button-flat fusion-button-default-size button-custom fusion-button-default button-4 fusion-button-default-span fusion-button-default-type awb-b-icon-pos-right\" style=\"--button_bevel_color:var(--awb-color5);--button_bevel_color_hover:var(--awb-color8);--button_accent_color:var(--awb-color5);--button_border_color:var(--awb-color4);--button_accent_hover_color:var(--awb-color8);--button_border_hover_color:var(--awb-color5);--button_border_width-top:0px;--button_border_width-right:0px;--button_border_width-bottom:0px;--button_border_width-left:0px;--button_gradient_top_color:hsla(var(--awb-color1-h),var(--awb-color1-s),var(--awb-color1-l),calc(var(--awb-color1-a) - 100%));--button_gradient_bottom_color:hsla(var(--awb-color1-h),var(--awb-color1-s),var(--awb-color1-l),calc(var(--awb-color1-a) - 100%));--button_gradient_top_color_hover:hsla(var(--awb-color1-h),var(--awb-color1-s),var(--awb-color1-l),calc(var(--awb-color1-a) - 100%));--button_gradient_bottom_color_hover:hsla(var(--awb-color1-h),var(--awb-color1-s),var(--awb-color1-l),calc(var(--awb-color1-a) - 100%));--button_text_transform:var(--awb-typography3-text-transform);--button_font_size:var(--awb-typography3-font-size);--button_line_height:var(--awb-typography3-line-height);--button_padding-top:20px;--button_padding-right:30px;--button_padding-bottom:20px;--button_padding-left:30px;--button_typography-letter-spacing:var(--awb-typography3-letter-spacing);--button_typography-font-family:var(--awb-typography3-font-family);--button_typography-font-weight:var(--awb-typography3-font-weight);--button_typography-font-style:var(--awb-typography3-font-style);--button_margin-top:5px;--button_margin-left:-18px;\" target=\"_self\" data-hover=\"icon_position\" title=\"Click Here\" aria-label=\"Click Here\" role=\"button\" href=\"https:\/\/conciencialogistica.com\/web\/2025\/04\/02\/conciencia-logistica-colabora-con-ctl-unab-para-el-desarrollo-del-observatorio-de-puertos-de-la-v-region\/\"><span class=\"fusion-button-text awb-button__text awb-button__text--default\">leer m\u00e1s<\/span><i class=\"awb-business-long-arrow-alt-right-solid awb-button__icon awb-button__icon--default button-icon-right\" aria-hidden=\"true\"><\/i><i class=\"awb-business-long-arrow-alt-right-solid awb-button__icon awb-button__icon--default button-icon-right\" aria-hidden=\"true\"><\/i><\/a><\/div><\/div><\/li>\n<li class=\"fusion-layout-column fusion_builder_column fusion-builder-column-5 fusion-flex-column post-card fusion-grid-column fusion-post-cards-grid-column\" style=\"--awb-bg-blend:overlay;--awb-bg-size:cover;\"><div class=\"fusion-column-wrapper fusion-flex-justify-content-flex-start fusion-content-layout-column\"><div class=\"fusion-image-element \" style=\"--awb-aspect-ratio:1 \/ 1;--awb-margin-bottom:30px;--awb-caption-title-font-family:var(--h2_typography-font-family);--awb-caption-title-font-weight:var(--h2_typography-font-weight);--awb-caption-title-font-style:var(--h2_typography-font-style);--awb-caption-title-size:var(--h2_typography-font-size);--awb-caption-title-transform:var(--h2_typography-text-transform);--awb-caption-title-line-height:var(--h2_typography-line-height);--awb-caption-title-letter-spacing:var(--h2_typography-letter-spacing);\"><span class=\" fusion-imageframe imageframe-none imageframe-5 hover-type-none has-aspect-ratio\" style=\"border-radius:10px;\"><a class=\"fusion-no-lightbox\" href=\"https:\/\/conciencialogistica.com\/web\/2024\/11\/20\/expobodegaslogistica2024\/\" target=\"_self\" aria-label=\"NOTICIA EXPO BODEGAS y LOGISTICA 2024 CLUB HIPICO CHILE\"><img decoding=\"async\" width=\"1515\" height=\"1010\" src=\"https:\/\/conciencialogistica.com\/web\/wp-content\/uploads\/2024\/11\/NOTICIA-EXPO-BODEGAS-y-LOGISTICA-2024-CLUB-HIPICO-CHILE.jpg\" data-orig-src=\"https:\/\/conciencialogistica.com\/web\/wp-content\/uploads\/2024\/11\/NOTICIA-EXPO-BODEGAS-y-LOGISTICA-2024-CLUB-HIPICO-CHILE.jpg\" class=\"lazyload img-responsive wp-image-3578 img-with-aspect-ratio\" data-parent-fit=\"cover\" data-parent-container=\".fusion-image-element\" alt srcset=\"data:image\/svg+xml,%3Csvg%20xmlns%3D%27http%3A%2F%2Fwww.w3.org%2F2000%2Fsvg%27%20width%3D%271515%27%20height%3D%271010%27%20viewBox%3D%270%200%201515%201010%27%3E%3Crect%20width%3D%271515%27%20height%3D%271010%27%20fill-opacity%3D%220%22%2F%3E%3C%2Fsvg%3E\" data-srcset=\"https:\/\/conciencialogistica.com\/web\/wp-content\/uploads\/2024\/11\/NOTICIA-EXPO-BODEGAS-y-LOGISTICA-2024-CLUB-HIPICO-CHILE-200x133.jpg 200w, https:\/\/conciencialogistica.com\/web\/wp-content\/uploads\/2024\/11\/NOTICIA-EXPO-BODEGAS-y-LOGISTICA-2024-CLUB-HIPICO-CHILE-400x267.jpg 400w, https:\/\/conciencialogistica.com\/web\/wp-content\/uploads\/2024\/11\/NOTICIA-EXPO-BODEGAS-y-LOGISTICA-2024-CLUB-HIPICO-CHILE-600x400.jpg 600w, https:\/\/conciencialogistica.com\/web\/wp-content\/uploads\/2024\/11\/NOTICIA-EXPO-BODEGAS-y-LOGISTICA-2024-CLUB-HIPICO-CHILE-800x533.jpg 800w, https:\/\/conciencialogistica.com\/web\/wp-content\/uploads\/2024\/11\/NOTICIA-EXPO-BODEGAS-y-LOGISTICA-2024-CLUB-HIPICO-CHILE-1200x800.jpg 1200w, https:\/\/conciencialogistica.com\/web\/wp-content\/uploads\/2024\/11\/NOTICIA-EXPO-BODEGAS-y-LOGISTICA-2024-CLUB-HIPICO-CHILE.jpg 1515w\" data-sizes=\"auto\" data-orig-sizes=\"(max-width: 850px) 100vw, 1515px\" \/><\/a><\/span><\/div><div class=\"fusion-title title fusion-title-5 fusion-sep-none fusion-title-text fusion-title-size-six\" style=\"--awb-margin-top:0px;--awb-margin-right:20px;--awb-margin-bottom:0px;--awb-margin-left:10px;--awb-margin-left-small:10px;--awb-link-color:var(--awb-color8);\"><h6 class=\"fusion-title-heading title-heading-left\" style=\"margin:0;text-transform:none;\"><a href=\"https:\/\/conciencialogistica.com\/web\/2024\/11\/20\/expobodegaslogistica2024\/\" class=\"awb-custom-text-color awb-custom-text-hover-color\" target=\"_self\">CONCIENCIA LOG\u00cdSTICA participa de Expo Bodegas y Log\u00edstica 2024 en el Club H\u00edpico de Chile.<\/a><\/h6><\/div><div class=\"fusion-separator fusion-full-width-sep\" style=\"align-self: center;margin-left: auto;margin-right: auto;flex-grow:1;width:100%;\"><\/div><div class=\"fusion-separator\" style=\"align-self: flex-start;margin-right:auto;margin-top:20px;width:100%;max-width:80px;\"><div class=\"fusion-separator-border sep-single sep-dotted\" style=\"--awb-height:20px;--awb-amount:20px;--awb-sep-color:var(--awb-color4);border-color:var(--awb-color4);border-top-width:1px;\"><\/div><\/div><div ><a class=\"fusion-button button-flat fusion-button-default-size button-custom fusion-button-default button-5 fusion-button-default-span fusion-button-default-type awb-b-icon-pos-right\" style=\"--button_bevel_color:var(--awb-color5);--button_bevel_color_hover:var(--awb-color8);--button_accent_color:var(--awb-color5);--button_border_color:var(--awb-color4);--button_accent_hover_color:var(--awb-color8);--button_border_hover_color:var(--awb-color5);--button_border_width-top:0px;--button_border_width-right:0px;--button_border_width-bottom:0px;--button_border_width-left:0px;--button_gradient_top_color:hsla(var(--awb-color1-h),var(--awb-color1-s),var(--awb-color1-l),calc(var(--awb-color1-a) - 100%));--button_gradient_bottom_color:hsla(var(--awb-color1-h),var(--awb-color1-s),var(--awb-color1-l),calc(var(--awb-color1-a) - 100%));--button_gradient_top_color_hover:hsla(var(--awb-color1-h),var(--awb-color1-s),var(--awb-color1-l),calc(var(--awb-color1-a) - 100%));--button_gradient_bottom_color_hover:hsla(var(--awb-color1-h),var(--awb-color1-s),var(--awb-color1-l),calc(var(--awb-color1-a) - 100%));--button_text_transform:var(--awb-typography3-text-transform);--button_font_size:var(--awb-typography3-font-size);--button_line_height:var(--awb-typography3-line-height);--button_padding-top:20px;--button_padding-right:30px;--button_padding-bottom:20px;--button_padding-left:30px;--button_typography-letter-spacing:var(--awb-typography3-letter-spacing);--button_typography-font-family:var(--awb-typography3-font-family);--button_typography-font-weight:var(--awb-typography3-font-weight);--button_typography-font-style:var(--awb-typography3-font-style);--button_margin-top:5px;--button_margin-left:-18px;\" target=\"_self\" data-hover=\"icon_position\" title=\"Click Here\" aria-label=\"Click Here\" role=\"button\" href=\"https:\/\/conciencialogistica.com\/web\/2024\/11\/20\/expobodegaslogistica2024\/\"><span class=\"fusion-button-text awb-button__text awb-button__text--default\">leer m\u00e1s<\/span><i class=\"awb-business-long-arrow-alt-right-solid awb-button__icon awb-button__icon--default button-icon-right\" aria-hidden=\"true\"><\/i><i class=\"awb-business-long-arrow-alt-right-solid awb-button__icon awb-button__icon--default button-icon-right\" aria-hidden=\"true\"><\/i><\/a><\/div><\/div><\/li>\n<li class=\"fusion-layout-column fusion_builder_column fusion-builder-column-6 fusion-flex-column post-card fusion-grid-column fusion-post-cards-grid-column\" style=\"--awb-bg-blend:overlay;--awb-bg-size:cover;\"><div class=\"fusion-column-wrapper fusion-flex-justify-content-flex-start fusion-content-layout-column\"><div class=\"fusion-image-element \" style=\"--awb-aspect-ratio:1 \/ 1;--awb-margin-bottom:30px;--awb-caption-title-font-family:var(--h2_typography-font-family);--awb-caption-title-font-weight:var(--h2_typography-font-weight);--awb-caption-title-font-style:var(--h2_typography-font-style);--awb-caption-title-size:var(--h2_typography-font-size);--awb-caption-title-transform:var(--h2_typography-text-transform);--awb-caption-title-line-height:var(--h2_typography-line-height);--awb-caption-title-letter-spacing:var(--h2_typography-letter-spacing);\"><span class=\" fusion-imageframe imageframe-none imageframe-6 hover-type-none has-aspect-ratio\" style=\"border-radius:10px;\"><a class=\"fusion-no-lightbox\" href=\"https:\/\/conciencialogistica.com\/web\/2024\/09\/05\/pentacrom\/\" target=\"_self\" aria-label=\"NOTICIA PENTACROM FERIA\"><img decoding=\"async\" width=\"1919\" height=\"1029\" src=\"https:\/\/conciencialogistica.com\/web\/wp-content\/uploads\/2024\/09\/NOTICIA-PENTACROM-FERIA.jpg\" data-orig-src=\"https:\/\/conciencialogistica.com\/web\/wp-content\/uploads\/2024\/09\/NOTICIA-PENTACROM-FERIA.jpg\" class=\"lazyload img-responsive wp-image-3582 img-with-aspect-ratio\" data-parent-fit=\"cover\" data-parent-container=\".fusion-image-element\" alt srcset=\"data:image\/svg+xml,%3Csvg%20xmlns%3D%27http%3A%2F%2Fwww.w3.org%2F2000%2Fsvg%27%20width%3D%271919%27%20height%3D%271029%27%20viewBox%3D%270%200%201919%201029%27%3E%3Crect%20width%3D%271919%27%20height%3D%271029%27%20fill-opacity%3D%220%22%2F%3E%3C%2Fsvg%3E\" data-srcset=\"https:\/\/conciencialogistica.com\/web\/wp-content\/uploads\/2024\/09\/NOTICIA-PENTACROM-FERIA-200x107.jpg 200w, https:\/\/conciencialogistica.com\/web\/wp-content\/uploads\/2024\/09\/NOTICIA-PENTACROM-FERIA-400x214.jpg 400w, https:\/\/conciencialogistica.com\/web\/wp-content\/uploads\/2024\/09\/NOTICIA-PENTACROM-FERIA-600x322.jpg 600w, https:\/\/conciencialogistica.com\/web\/wp-content\/uploads\/2024\/09\/NOTICIA-PENTACROM-FERIA-800x429.jpg 800w, https:\/\/conciencialogistica.com\/web\/wp-content\/uploads\/2024\/09\/NOTICIA-PENTACROM-FERIA-1200x643.jpg 1200w, https:\/\/conciencialogistica.com\/web\/wp-content\/uploads\/2024\/09\/NOTICIA-PENTACROM-FERIA.jpg 1919w\" data-sizes=\"auto\" data-orig-sizes=\"(max-width: 850px) 100vw, 1919px\" \/><\/a><\/span><\/div><div class=\"fusion-title title fusion-title-6 fusion-sep-none fusion-title-text fusion-title-size-six\" style=\"--awb-margin-top:0px;--awb-margin-right:20px;--awb-margin-bottom:0px;--awb-margin-left:10px;--awb-margin-left-small:10px;--awb-link-color:var(--awb-color8);\"><h6 class=\"fusion-title-heading title-heading-left\" style=\"margin:0;text-transform:none;\"><a href=\"https:\/\/conciencialogistica.com\/web\/2024\/09\/05\/pentacrom\/\" class=\"awb-custom-text-color awb-custom-text-hover-color\" target=\"_self\">CONCIENCIA LOG\u00cdSTICA se hace presente en evento Vive La Experiencia PENTACROM.<\/a><\/h6><\/div><div class=\"fusion-separator fusion-full-width-sep\" style=\"align-self: center;margin-left: auto;margin-right: auto;flex-grow:1;width:100%;\"><\/div><div class=\"fusion-separator\" style=\"align-self: flex-start;margin-right:auto;margin-top:20px;width:100%;max-width:80px;\"><div class=\"fusion-separator-border sep-single sep-dotted\" style=\"--awb-height:20px;--awb-amount:20px;--awb-sep-color:var(--awb-color4);border-color:var(--awb-color4);border-top-width:1px;\"><\/div><\/div><div ><a class=\"fusion-button button-flat fusion-button-default-size button-custom fusion-button-default button-6 fusion-button-default-span fusion-button-default-type awb-b-icon-pos-right\" style=\"--button_bevel_color:var(--awb-color5);--button_bevel_color_hover:var(--awb-color8);--button_accent_color:var(--awb-color5);--button_border_color:var(--awb-color4);--button_accent_hover_color:var(--awb-color8);--button_border_hover_color:var(--awb-color5);--button_border_width-top:0px;--button_border_width-right:0px;--button_border_width-bottom:0px;--button_border_width-left:0px;--button_gradient_top_color:hsla(var(--awb-color1-h),var(--awb-color1-s),var(--awb-color1-l),calc(var(--awb-color1-a) - 100%));--button_gradient_bottom_color:hsla(var(--awb-color1-h),var(--awb-color1-s),var(--awb-color1-l),calc(var(--awb-color1-a) - 100%));--button_gradient_top_color_hover:hsla(var(--awb-color1-h),var(--awb-color1-s),var(--awb-color1-l),calc(var(--awb-color1-a) - 100%));--button_gradient_bottom_color_hover:hsla(var(--awb-color1-h),var(--awb-color1-s),var(--awb-color1-l),calc(var(--awb-color1-a) - 100%));--button_text_transform:var(--awb-typography3-text-transform);--button_font_size:var(--awb-typography3-font-size);--button_line_height:var(--awb-typography3-line-height);--button_padding-top:20px;--button_padding-right:30px;--button_padding-bottom:20px;--button_padding-left:30px;--button_typography-letter-spacing:var(--awb-typography3-letter-spacing);--button_typography-font-family:var(--awb-typography3-font-family);--button_typography-font-weight:var(--awb-typography3-font-weight);--button_typography-font-style:var(--awb-typography3-font-style);--button_margin-top:5px;--button_margin-left:-18px;\" target=\"_self\" data-hover=\"icon_position\" title=\"Click Here\" aria-label=\"Click Here\" role=\"button\" href=\"https:\/\/conciencialogistica.com\/web\/2024\/09\/05\/pentacrom\/\"><span class=\"fusion-button-text awb-button__text awb-button__text--default\">leer m\u00e1s<\/span><i class=\"awb-business-long-arrow-alt-right-solid awb-button__icon awb-button__icon--default button-icon-right\" aria-hidden=\"true\"><\/i><i class=\"awb-business-long-arrow-alt-right-solid awb-button__icon awb-button__icon--default button-icon-right\" aria-hidden=\"true\"><\/i><\/a><\/div><\/div><\/li>\n<li class=\"fusion-layout-column fusion_builder_column fusion-builder-column-7 fusion-flex-column post-card fusion-grid-column fusion-post-cards-grid-column\" style=\"--awb-bg-blend:overlay;--awb-bg-size:cover;\"><div class=\"fusion-column-wrapper fusion-flex-justify-content-flex-start fusion-content-layout-column\"><div class=\"fusion-image-element \" style=\"--awb-aspect-ratio:1 \/ 1;--awb-margin-bottom:30px;--awb-caption-title-font-family:var(--h2_typography-font-family);--awb-caption-title-font-weight:var(--h2_typography-font-weight);--awb-caption-title-font-style:var(--h2_typography-font-style);--awb-caption-title-size:var(--h2_typography-font-size);--awb-caption-title-transform:var(--h2_typography-text-transform);--awb-caption-title-line-height:var(--h2_typography-line-height);--awb-caption-title-letter-spacing:var(--h2_typography-letter-spacing);\"><span class=\" fusion-imageframe imageframe-none imageframe-7 hover-type-none has-aspect-ratio\" style=\"border-radius:10px;\"><a class=\"fusion-no-lightbox\" href=\"https:\/\/conciencialogistica.com\/web\/2024\/04\/01\/conciencialogistica\/\" target=\"_self\" aria-label=\"NOTICIA UNAB CTL\"><img decoding=\"async\" width=\"800\" height=\"532\" src=\"https:\/\/conciencialogistica.com\/web\/wp-content\/uploads\/2024\/04\/NOTICIA-UNAB-CTL.jpg\" data-orig-src=\"https:\/\/conciencialogistica.com\/web\/wp-content\/uploads\/2024\/04\/NOTICIA-UNAB-CTL.jpg\" class=\"lazyload img-responsive wp-image-3575 img-with-aspect-ratio\" data-parent-fit=\"cover\" data-parent-container=\".fusion-image-element\" alt srcset=\"data:image\/svg+xml,%3Csvg%20xmlns%3D%27http%3A%2F%2Fwww.w3.org%2F2000%2Fsvg%27%20width%3D%27800%27%20height%3D%27532%27%20viewBox%3D%270%200%20800%20532%27%3E%3Crect%20width%3D%27800%27%20height%3D%27532%27%20fill-opacity%3D%220%22%2F%3E%3C%2Fsvg%3E\" data-srcset=\"https:\/\/conciencialogistica.com\/web\/wp-content\/uploads\/2024\/04\/NOTICIA-UNAB-CTL-200x133.jpg 200w, https:\/\/conciencialogistica.com\/web\/wp-content\/uploads\/2024\/04\/NOTICIA-UNAB-CTL-400x266.jpg 400w, https:\/\/conciencialogistica.com\/web\/wp-content\/uploads\/2024\/04\/NOTICIA-UNAB-CTL-600x399.jpg 600w, https:\/\/conciencialogistica.com\/web\/wp-content\/uploads\/2024\/04\/NOTICIA-UNAB-CTL.jpg 800w\" data-sizes=\"auto\" data-orig-sizes=\"(max-width: 850px) 100vw, 800px\" \/><\/a><\/span><\/div><div class=\"fusion-title title fusion-title-7 fusion-sep-none fusion-title-text fusion-title-size-six\" style=\"--awb-margin-top:0px;--awb-margin-right:20px;--awb-margin-bottom:0px;--awb-margin-left:10px;--awb-margin-left-small:10px;--awb-link-color:var(--awb-color8);\"><h6 class=\"fusion-title-heading title-heading-left\" style=\"margin:0;text-transform:none;\"><a href=\"https:\/\/conciencialogistica.com\/web\/2024\/04\/01\/conciencialogistica\/\" class=\"awb-custom-text-color awb-custom-text-hover-color\" target=\"_self\">Centro de Transporte y Log\u00edstica de UNAB presenta a CONCIENCIA LOG\u00cdSTICA, primera spin-off de la UNAB.<\/a><\/h6><\/div><div class=\"fusion-separator fusion-full-width-sep\" style=\"align-self: center;margin-left: auto;margin-right: auto;flex-grow:1;width:100%;\"><\/div><div class=\"fusion-separator\" style=\"align-self: flex-start;margin-right:auto;margin-top:20px;width:100%;max-width:80px;\"><div class=\"fusion-separator-border sep-single sep-dotted\" style=\"--awb-height:20px;--awb-amount:20px;--awb-sep-color:var(--awb-color4);border-color:var(--awb-color4);border-top-width:1px;\"><\/div><\/div><div ><a class=\"fusion-button button-flat fusion-button-default-size button-custom fusion-button-default button-7 fusion-button-default-span fusion-button-default-type awb-b-icon-pos-right\" style=\"--button_bevel_color:var(--awb-color5);--button_bevel_color_hover:var(--awb-color8);--button_accent_color:var(--awb-color5);--button_border_color:var(--awb-color4);--button_accent_hover_color:var(--awb-color8);--button_border_hover_color:var(--awb-color5);--button_border_width-top:0px;--button_border_width-right:0px;--button_border_width-bottom:0px;--button_border_width-left:0px;--button_gradient_top_color:hsla(var(--awb-color1-h),var(--awb-color1-s),var(--awb-color1-l),calc(var(--awb-color1-a) - 100%));--button_gradient_bottom_color:hsla(var(--awb-color1-h),var(--awb-color1-s),var(--awb-color1-l),calc(var(--awb-color1-a) - 100%));--button_gradient_top_color_hover:hsla(var(--awb-color1-h),var(--awb-color1-s),var(--awb-color1-l),calc(var(--awb-color1-a) - 100%));--button_gradient_bottom_color_hover:hsla(var(--awb-color1-h),var(--awb-color1-s),var(--awb-color1-l),calc(var(--awb-color1-a) - 100%));--button_text_transform:var(--awb-typography3-text-transform);--button_font_size:var(--awb-typography3-font-size);--button_line_height:var(--awb-typography3-line-height);--button_padding-top:20px;--button_padding-right:30px;--button_padding-bottom:20px;--button_padding-left:30px;--button_typography-letter-spacing:var(--awb-typography3-letter-spacing);--button_typography-font-family:var(--awb-typography3-font-family);--button_typography-font-weight:var(--awb-typography3-font-weight);--button_typography-font-style:var(--awb-typography3-font-style);--button_margin-top:5px;--button_margin-left:-18px;\" target=\"_self\" data-hover=\"icon_position\" title=\"Click Here\" aria-label=\"Click Here\" role=\"button\" href=\"https:\/\/conciencialogistica.com\/web\/2024\/04\/01\/conciencialogistica\/\"><span class=\"fusion-button-text awb-button__text awb-button__text--default\">leer m\u00e1s<\/span><i class=\"awb-business-long-arrow-alt-right-solid awb-button__icon awb-button__icon--default button-icon-right\" aria-hidden=\"true\"><\/i><i class=\"awb-business-long-arrow-alt-right-solid awb-button__icon awb-button__icon--default button-icon-right\" aria-hidden=\"true\"><\/i><\/a><\/div><\/div><\/li>\n<\/ul><\/div><\/div><\/div><\/div><\/div>\n","protected":false},"excerpt":{"rendered":"","protected":false},"author":1,"featured_media":0,"parent":0,"menu_order":0,"comment_status":"closed","ping_status":"closed","template":"100-width.php","meta":{"_acf_changed":false,"footnotes":""},"class_list":["post-1498","page","type-page","status-publish","hentry"],"acf":[],"_links":{"self":[{"href":"https:\/\/conciencialogistica.com\/web\/wp-json\/wp\/v2\/pages\/1498","targetHints":{"allow":["GET"]}}],"collection":[{"href":"https:\/\/conciencialogistica.com\/web\/wp-json\/wp\/v2\/pages"}],"about":[{"href":"https:\/\/conciencialogistica.com\/web\/wp-json\/wp\/v2\/types\/page"}],"author":[{"embeddable":true,"href":"https:\/\/conciencialogistica.com\/web\/wp-json\/wp\/v2\/users\/1"}],"replies":[{"embeddable":true,"href":"https:\/\/conciencialogistica.com\/web\/wp-json\/wp\/v2\/comments?post=1498"}],"version-history":[{"count":4,"href":"https:\/\/conciencialogistica.com\/web\/wp-json\/wp\/v2\/pages\/1498\/revisions"}],"predecessor-version":[{"id":3595,"href":"https:\/\/conciencialogistica.com\/web\/wp-json\/wp\/v2\/pages\/1498\/revisions\/3595"}],"wp:attachment":[{"href":"https:\/\/conciencialogistica.com\/web\/wp-json\/wp\/v2\/media?parent=1498"}],"curies":[{"name":"wp","href":"https:\/\/api.w.org\/{rel}","templated":true}]}}