{"id":1319,"date":"2022-10-14T13:53:40","date_gmt":"2022-10-14T13:53:40","guid":{"rendered":"https:\/\/avadawebsites.wpengine.com\/business\/?page_id=1319"},"modified":"2025-06-18T10:40:57","modified_gmt":"2025-06-18T13:40:57","slug":"proyectos","status":"publish","type":"page","link":"https:\/\/conciencialogistica.com\/web\/proyectos\/","title":{"rendered":"Proyectos"},"content":{"rendered":"<p><div class=\"fusion-fullwidth fullwidth-box fusion-builder-row-1 fusion-flex-container has-pattern-background has-mask-background nonhundred-percent-fullwidth non-hundred-percent-height-scrolling\" style=\"--awb-border-radius-top-left:0px;--awb-border-radius-top-right:0px;--awb-border-radius-bottom-right:0px;--awb-border-radius-bottom-left:0px;--awb-margin-top:50px;--awb-flex-wrap:wrap;\" ><div class=\"fusion-builder-row fusion-row fusion-flex-align-items-flex-start fusion-flex-justify-content-center fusion-flex-content-wrap\" style=\"max-width:1372.8px;margin-left: calc(-4% \/ 2 );margin-right: calc(-4% \/ 2 );\"><div class=\"fusion-layout-column fusion_builder_column fusion-builder-column-0 fusion_builder_column_3_5 3_5 fusion-flex-column\" style=\"--awb-bg-size:cover;--awb-width-large:60%;--awb-margin-top-large:0px;--awb-spacing-right-large:3.2%;--awb-margin-bottom-large:0px;--awb-spacing-left-large:3.2%;--awb-width-medium:60%;--awb-order-medium:0;--awb-spacing-right-medium:3.2%;--awb-spacing-left-medium:3.2%;--awb-width-small:100%;--awb-order-small:0;--awb-spacing-right-small:1.92%;--awb-spacing-left-small:1.92%;\"><div class=\"fusion-column-wrapper fusion-column-has-shadow fusion-flex-justify-content-flex-start fusion-content-layout-column\"><div class=\"fusion-title title fusion-title-1 fusion-sep-none fusion-title-center fusion-title-text fusion-title-size-two\"><h2 class=\"fusion-title-heading title-heading-center\" style=\"margin:0;\">Conoce nuestros proyectos<\/h2><\/div><div class=\"fusion-text fusion-text-1 fusion-text-no-margin\" style=\"--awb-content-alignment:center;--awb-margin-top:15px;--awb-margin-bottom:60px;\"><p style=\"text-align: center;\">Conciencia Log\u00edstica es una empresa especializada en inteligencia log\u00edstica que, mediante el an\u00e1lisis avanzado y visualizaci\u00f3n de datos territoriales y vehiculares, mejora la gesti\u00f3n del transporte urbano de carga, optimiza la movilidad, reduce la congesti\u00f3n y promueve decisiones m\u00e1s sostenibles.<\/p>\n<\/div><\/div><\/div><\/div><\/div><div class=\"fusion-fullwidth fullwidth-box fusion-builder-row-2 fusion-flex-container has-pattern-background has-mask-background nonhundred-percent-fullwidth non-hundred-percent-height-scrolling\" style=\"--awb-border-radius-top-left:0px;--awb-border-radius-top-right:0px;--awb-border-radius-bottom-right:0px;--awb-border-radius-bottom-left:0px;--awb-flex-wrap:wrap;\" ><div class=\"fusion-builder-row fusion-row fusion-flex-align-items-flex-start fusion-flex-content-wrap\" style=\"max-width:1372.8px;margin-left: calc(-4% \/ 2 );margin-right: calc(-4% \/ 2 );\"><div class=\"fusion-layout-column fusion_builder_column fusion-builder-column-1 fusion_builder_column_1_1 1_1 fusion-flex-column\" style=\"--awb-bg-size:cover;--awb-width-large:100%;--awb-margin-top-large:0px;--awb-spacing-right-large:80px;--awb-margin-bottom-large:0px;--awb-spacing-left-large:80px;--awb-width-medium:100%;--awb-order-medium:0;--awb-spacing-right-medium:80px;--awb-spacing-left-medium:80px;--awb-width-small:100%;--awb-order-small:0;--awb-spacing-right-small:1.92%;--awb-spacing-left-small:1.92%;\"><div class=\"fusion-column-wrapper fusion-column-has-shadow fusion-flex-justify-content-flex-start fusion-content-layout-column\"><div class=\"fusion-post-cards fusion-post-cards-1 fusion-grid-archive fusion-grid-columns-2\" style=\"--awb-column-spacing:60px;--awb-columns:2;--awb-active-filter-border-size:3px;--awb-filters-height:36px;--awb-row-spacing:80px;--awb-columns-medium:50%;--awb-columns-small:100%;\"><ul class=\"fusion-grid fusion-grid-2 fusion-flex-align-items-flex-start fusion-grid-posts-cards\"><li class=\"fusion-layout-column fusion_builder_column fusion-builder-column-2 fusion-flex-column post-card fusion-grid-column fusion-post-cards-grid-column\" style=\"--awb-bg-blend:overlay;--awb-bg-size:cover;\"><div class=\"fusion-column-wrapper fusion-flex-justify-content-flex-start fusion-content-layout-column\"><div class=\"fusion-classic-product-image-wrapper fusion-woo-product-image fusion-post-card-image fusion-post-card-image-1 has-aspect-ratio\" data-layout=\"static\" style=\"--awb-border-radius-top-left:10px;--awb-border-radius-top-right:10px;--awb-border-radius-bottom-right:10px;--awb-border-radius-bottom-left:10px;--awb-aspect-ratio:3 \/ 2;\"><div  class=\"fusion-image-wrapper\" aria-haspopup=\"true\">\n\t\t\t\t\t\t\t<a href=\"https:\/\/conciencialogistica.com\/web\/projects\/bid\/\" aria-label=\"Banco Interamericano de Desarrollo (BID)\">\n\t\t\t\t\t\t\t<img decoding=\"async\" width=\"1099\" height=\"1599\" src=\"https:\/\/conciencialogistica.com\/web\/wp-content\/uploads\/2025\/06\/BID.png\" class=\"attachment-full size-full lazyload wp-post-image\" alt=\"\" srcset=\"data:image\/svg+xml,%3Csvg%20xmlns%3D%27http%3A%2F%2Fwww.w3.org%2F2000%2Fsvg%27%20width%3D%271099%27%20height%3D%271599%27%20viewBox%3D%270%200%201099%201599%27%3E%3Crect%20width%3D%271099%27%20height%3D%271599%27%20fill-opacity%3D%220%22%2F%3E%3C%2Fsvg%3E\" data-orig-src=\"https:\/\/conciencialogistica.com\/web\/wp-content\/uploads\/2025\/06\/BID.png\" data-srcset=\"https:\/\/conciencialogistica.com\/web\/wp-content\/uploads\/2025\/06\/BID-200x291.png 200w, https:\/\/conciencialogistica.com\/web\/wp-content\/uploads\/2025\/06\/BID-400x582.png 400w, https:\/\/conciencialogistica.com\/web\/wp-content\/uploads\/2025\/06\/BID-600x873.png 600w, https:\/\/conciencialogistica.com\/web\/wp-content\/uploads\/2025\/06\/BID-800x1164.png 800w, https:\/\/conciencialogistica.com\/web\/wp-content\/uploads\/2025\/06\/BID.png 1099w\" data-sizes=\"auto\" \/>\t\t\t<\/a>\n\t\t\t\t\t\t\t<\/div>\n<\/div><div class=\"fusion-builder-row fusion-builder-row-inner fusion-row fusion-flex-align-items-flex-start fusion-flex-content-wrap\" style=\"width:104% !important;max-width:104% !important;margin-left: calc(-4% \/ 2 );margin-right: calc(-4% \/ 2 );\"><div class=\"fusion-layout-column fusion_builder_column_inner fusion-builder-nested-column-0 fusion_builder_column_inner_1_1 1_1 fusion-flex-column\" style=\"--awb-padding-top:25px;--awb-padding-right:40px;--awb-padding-bottom:20px;--awb-padding-left:40px;--awb-overflow:hidden;--awb-bg-color:var(--awb-color1);--awb-bg-color-hover:var(--awb-color1);--awb-bg-size:cover;--awb-box-shadow:2px 2px 40px 0px hsla(var(--awb-color8-h),var(--awb-color8-s),var(--awb-color8-l),calc(var(--awb-color8-a) - 90%));;--awb-border-radius:0px 0px 0px 25px;--awb-transform:translateY(0px);--awb-transform-hover:translateY(-15px);--awb-width-large:100%;--awb-margin-top-large:-100px;--awb-spacing-right-large:80px;--awb-margin-bottom-large:20px;--awb-spacing-left-large:80px;--awb-width-medium:100%;--awb-order-medium:0;--awb-spacing-right-medium:80px;--awb-spacing-left-medium:80px;--awb-width-small:100%;--awb-order-small:0;--awb-spacing-right-small:1.92%;--awb-spacing-left-small:1.92%;\"><div class=\"fusion-column-wrapper fusion-column-has-shadow fusion-flex-justify-content-flex-start fusion-content-layout-column\"><div class=\"fusion-title title fusion-title-2 fusion-sep-none fusion-title-center fusion-title-text fusion-title-size-four\" style=\"--awb-margin-bottom:10px;--awb-link-color:var(--awb-color8);\"><h4 class=\"fusion-title-heading title-heading-center\" style=\"margin:0;\"><a href=\"https:\/\/conciencialogistica.com\/web\/projects\/bid\/\" class=\"awb-custom-text-color awb-custom-text-hover-color\" target=\"_self\">Banco Interamericano de Desarrollo (BID)<\/a><\/h4><\/div><div class=\"fusion-text fusion-text-2\" style=\"--awb-content-alignment:center;--awb-text-color:var(--awb-color4);\"><p>Praesent mauris fusce tel augue<\/p>\n<\/div><\/div><\/div><\/div><\/div><\/li>\n<li class=\"fusion-layout-column fusion_builder_column fusion-builder-column-3 fusion-flex-column post-card fusion-grid-column fusion-post-cards-grid-column\" style=\"--awb-bg-blend:overlay;--awb-bg-size:cover;\"><div class=\"fusion-column-wrapper fusion-flex-justify-content-flex-start fusion-content-layout-column\"><div class=\"fusion-classic-product-image-wrapper fusion-woo-product-image fusion-post-card-image fusion-post-card-image-1 has-aspect-ratio\" data-layout=\"static\" style=\"--awb-border-radius-top-left:10px;--awb-border-radius-top-right:10px;--awb-border-radius-bottom-right:10px;--awb-border-radius-bottom-left:10px;--awb-aspect-ratio:3 \/ 2;\"><div  class=\"fusion-image-wrapper\" aria-haspopup=\"true\">\n\t\t\t\t\t\t\t<a href=\"https:\/\/conciencialogistica.com\/web\/projects\/endum\/\" aria-label=\"Estrategia Nacional de Distribuci\u00f3n Urbana de Mercanc\u00edas (ENDUM)\">\n\t\t\t\t\t\t\t<img decoding=\"async\" width=\"482\" height=\"474\" src=\"https:\/\/conciencialogistica.com\/web\/wp-content\/uploads\/2022\/10\/01-ENDUM-1.png\" class=\"attachment-full size-full lazyload wp-post-image\" alt=\"\" srcset=\"data:image\/svg+xml,%3Csvg%20xmlns%3D%27http%3A%2F%2Fwww.w3.org%2F2000%2Fsvg%27%20width%3D%27482%27%20height%3D%27474%27%20viewBox%3D%270%200%20482%20474%27%3E%3Crect%20width%3D%27482%27%20height%3D%27474%27%20fill-opacity%3D%220%22%2F%3E%3C%2Fsvg%3E\" data-orig-src=\"https:\/\/conciencialogistica.com\/web\/wp-content\/uploads\/2022\/10\/01-ENDUM-1.png\" data-srcset=\"https:\/\/conciencialogistica.com\/web\/wp-content\/uploads\/2022\/10\/01-ENDUM-1-200x197.png 200w, https:\/\/conciencialogistica.com\/web\/wp-content\/uploads\/2022\/10\/01-ENDUM-1-400x393.png 400w, https:\/\/conciencialogistica.com\/web\/wp-content\/uploads\/2022\/10\/01-ENDUM-1.png 482w\" data-sizes=\"auto\" \/>\t\t\t<\/a>\n\t\t\t\t\t\t\t<\/div>\n<\/div><div class=\"fusion-builder-row fusion-builder-row-inner fusion-row fusion-flex-align-items-flex-start fusion-flex-content-wrap\" style=\"width:104% !important;max-width:104% !important;margin-left: calc(-4% \/ 2 );margin-right: calc(-4% \/ 2 );\"><div class=\"fusion-layout-column fusion_builder_column_inner fusion-builder-nested-column-1 fusion_builder_column_inner_1_1 1_1 fusion-flex-column\" style=\"--awb-padding-top:25px;--awb-padding-right:40px;--awb-padding-bottom:20px;--awb-padding-left:40px;--awb-overflow:hidden;--awb-bg-color:var(--awb-color1);--awb-bg-color-hover:var(--awb-color1);--awb-bg-size:cover;--awb-box-shadow:2px 2px 40px 0px hsla(var(--awb-color8-h),var(--awb-color8-s),var(--awb-color8-l),calc(var(--awb-color8-a) - 90%));;--awb-border-radius:0px 0px 0px 25px;--awb-transform:translateY(0px);--awb-transform-hover:translateY(-15px);--awb-width-large:100%;--awb-margin-top-large:-100px;--awb-spacing-right-large:80px;--awb-margin-bottom-large:20px;--awb-spacing-left-large:80px;--awb-width-medium:100%;--awb-order-medium:0;--awb-spacing-right-medium:80px;--awb-spacing-left-medium:80px;--awb-width-small:100%;--awb-order-small:0;--awb-spacing-right-small:1.92%;--awb-spacing-left-small:1.92%;\"><div class=\"fusion-column-wrapper fusion-column-has-shadow fusion-flex-justify-content-flex-start fusion-content-layout-column\"><div class=\"fusion-title title fusion-title-3 fusion-sep-none fusion-title-center fusion-title-text fusion-title-size-four\" style=\"--awb-margin-bottom:10px;--awb-link-color:var(--awb-color8);\"><h4 class=\"fusion-title-heading title-heading-center\" style=\"margin:0;\"><a href=\"https:\/\/conciencialogistica.com\/web\/projects\/endum\/\" class=\"awb-custom-text-color awb-custom-text-hover-color\" target=\"_self\">Estrategia Nacional de Distribuci\u00f3n Urbana de Mercanc\u00edas (ENDUM)<\/a><\/h4><\/div><div class=\"fusion-text fusion-text-3\" style=\"--awb-content-alignment:center;--awb-text-color:var(--awb-color4);\"><p>Mauris ipsum nua metus lacinie<\/p>\n<\/div><\/div><\/div><\/div><\/div><\/li>\n<li class=\"fusion-layout-column fusion_builder_column fusion-builder-column-4 fusion-flex-column post-card fusion-grid-column fusion-post-cards-grid-column\" style=\"--awb-bg-blend:overlay;--awb-bg-size:cover;\"><div class=\"fusion-column-wrapper fusion-flex-justify-content-flex-start fusion-content-layout-column\"><div class=\"fusion-classic-product-image-wrapper fusion-woo-product-image fusion-post-card-image fusion-post-card-image-1 has-aspect-ratio\" data-layout=\"static\" style=\"--awb-border-radius-top-left:10px;--awb-border-radius-top-right:10px;--awb-border-radius-bottom-right:10px;--awb-border-radius-bottom-left:10px;--awb-aspect-ratio:3 \/ 2;\"><div  class=\"fusion-image-wrapper\" aria-haspopup=\"true\">\n\t\t\t\t\t\t\t<a href=\"https:\/\/conciencialogistica.com\/web\/projects\/observatorio\/\" aria-label=\"Observatorio de transporte de carga y log\u00edstica en ciudades puerto de la Regi\u00f3n de Valpara\u00edso\">\n\t\t\t\t\t\t\t<img decoding=\"async\" width=\"1000\" height=\"905\" src=\"https:\/\/conciencialogistica.com\/web\/wp-content\/uploads\/2022\/10\/02-PUERTOS.png\" class=\"attachment-full size-full lazyload wp-post-image\" alt=\"\" srcset=\"data:image\/svg+xml,%3Csvg%20xmlns%3D%27http%3A%2F%2Fwww.w3.org%2F2000%2Fsvg%27%20width%3D%271000%27%20height%3D%27905%27%20viewBox%3D%270%200%201000%20905%27%3E%3Crect%20width%3D%271000%27%20height%3D%27905%27%20fill-opacity%3D%220%22%2F%3E%3C%2Fsvg%3E\" data-orig-src=\"https:\/\/conciencialogistica.com\/web\/wp-content\/uploads\/2022\/10\/02-PUERTOS.png\" data-srcset=\"https:\/\/conciencialogistica.com\/web\/wp-content\/uploads\/2022\/10\/02-PUERTOS-200x181.png 200w, https:\/\/conciencialogistica.com\/web\/wp-content\/uploads\/2022\/10\/02-PUERTOS-400x362.png 400w, https:\/\/conciencialogistica.com\/web\/wp-content\/uploads\/2022\/10\/02-PUERTOS-600x543.png 600w, https:\/\/conciencialogistica.com\/web\/wp-content\/uploads\/2022\/10\/02-PUERTOS-800x724.png 800w, https:\/\/conciencialogistica.com\/web\/wp-content\/uploads\/2022\/10\/02-PUERTOS.png 1000w\" data-sizes=\"auto\" \/>\t\t\t<\/a>\n\t\t\t\t\t\t\t<\/div>\n<\/div><div class=\"fusion-builder-row fusion-builder-row-inner fusion-row fusion-flex-align-items-flex-start fusion-flex-content-wrap\" style=\"width:104% !important;max-width:104% !important;margin-left: calc(-4% \/ 2 );margin-right: calc(-4% \/ 2 );\"><div class=\"fusion-layout-column fusion_builder_column_inner fusion-builder-nested-column-2 fusion_builder_column_inner_1_1 1_1 fusion-flex-column\" style=\"--awb-padding-top:25px;--awb-padding-right:40px;--awb-padding-bottom:20px;--awb-padding-left:40px;--awb-overflow:hidden;--awb-bg-color:var(--awb-color1);--awb-bg-color-hover:var(--awb-color1);--awb-bg-size:cover;--awb-box-shadow:2px 2px 40px 0px hsla(var(--awb-color8-h),var(--awb-color8-s),var(--awb-color8-l),calc(var(--awb-color8-a) - 90%));;--awb-border-radius:0px 0px 0px 25px;--awb-transform:translateY(0px);--awb-transform-hover:translateY(-15px);--awb-width-large:100%;--awb-margin-top-large:-100px;--awb-spacing-right-large:80px;--awb-margin-bottom-large:20px;--awb-spacing-left-large:80px;--awb-width-medium:100%;--awb-order-medium:0;--awb-spacing-right-medium:80px;--awb-spacing-left-medium:80px;--awb-width-small:100%;--awb-order-small:0;--awb-spacing-right-small:1.92%;--awb-spacing-left-small:1.92%;\"><div class=\"fusion-column-wrapper fusion-column-has-shadow fusion-flex-justify-content-flex-start fusion-content-layout-column\"><div class=\"fusion-title title fusion-title-4 fusion-sep-none fusion-title-center fusion-title-text fusion-title-size-four\" style=\"--awb-margin-bottom:10px;--awb-link-color:var(--awb-color8);\"><h4 class=\"fusion-title-heading title-heading-center\" style=\"margin:0;\"><a href=\"https:\/\/conciencialogistica.com\/web\/projects\/observatorio\/\" class=\"awb-custom-text-color awb-custom-text-hover-color\" target=\"_self\">Observatorio de transporte de carga y log\u00edstica en ciudades puerto de la Regi\u00f3n de Valpara\u00edso<\/a><\/h4><\/div><div class=\"fusion-text fusion-text-4\" style=\"--awb-content-alignment:center;--awb-text-color:var(--awb-color4);\"><p>Praesent blandit dolor quams<\/p>\n<\/div><\/div><\/div><\/div><\/div><\/li>\n<li class=\"fusion-layout-column fusion_builder_column fusion-builder-column-5 fusion-flex-column post-card fusion-grid-column fusion-post-cards-grid-column\" style=\"--awb-bg-blend:overlay;--awb-bg-size:cover;\"><div class=\"fusion-column-wrapper fusion-flex-justify-content-flex-start fusion-content-layout-column\"><div class=\"fusion-classic-product-image-wrapper fusion-woo-product-image fusion-post-card-image fusion-post-card-image-1 has-aspect-ratio\" data-layout=\"static\" style=\"--awb-border-radius-top-left:10px;--awb-border-radius-top-right:10px;--awb-border-radius-bottom-right:10px;--awb-border-radius-bottom-left:10px;--awb-aspect-ratio:3 \/ 2;\"><div  class=\"fusion-image-wrapper\" aria-haspopup=\"true\">\n\t\t\t\t\t\t\t<a href=\"https:\/\/conciencialogistica.com\/web\/projects\/senapred\/\" aria-label=\"SENAPRED\">\n\t\t\t\t\t\t\t<img decoding=\"async\" width=\"914\" height=\"1146\" src=\"https:\/\/conciencialogistica.com\/web\/wp-content\/uploads\/2025\/05\/Noticia-SENAPRED.jpg\" class=\"attachment-full size-full lazyload wp-post-image\" alt=\"\" srcset=\"data:image\/svg+xml,%3Csvg%20xmlns%3D%27http%3A%2F%2Fwww.w3.org%2F2000%2Fsvg%27%20width%3D%27914%27%20height%3D%271146%27%20viewBox%3D%270%200%20914%201146%27%3E%3Crect%20width%3D%27914%27%20height%3D%271146%27%20fill-opacity%3D%220%22%2F%3E%3C%2Fsvg%3E\" data-orig-src=\"https:\/\/conciencialogistica.com\/web\/wp-content\/uploads\/2025\/05\/Noticia-SENAPRED.jpg\" data-srcset=\"https:\/\/conciencialogistica.com\/web\/wp-content\/uploads\/2025\/05\/Noticia-SENAPRED-200x251.jpg 200w, https:\/\/conciencialogistica.com\/web\/wp-content\/uploads\/2025\/05\/Noticia-SENAPRED-400x502.jpg 400w, https:\/\/conciencialogistica.com\/web\/wp-content\/uploads\/2025\/05\/Noticia-SENAPRED-600x752.jpg 600w, https:\/\/conciencialogistica.com\/web\/wp-content\/uploads\/2025\/05\/Noticia-SENAPRED-800x1003.jpg 800w, https:\/\/conciencialogistica.com\/web\/wp-content\/uploads\/2025\/05\/Noticia-SENAPRED.jpg 914w\" data-sizes=\"auto\" \/>\t\t\t<\/a>\n\t\t\t\t\t\t\t<\/div>\n<\/div><div class=\"fusion-builder-row fusion-builder-row-inner fusion-row fusion-flex-align-items-flex-start fusion-flex-content-wrap\" style=\"width:104% !important;max-width:104% !important;margin-left: calc(-4% \/ 2 );margin-right: calc(-4% \/ 2 );\"><div class=\"fusion-layout-column fusion_builder_column_inner fusion-builder-nested-column-3 fusion_builder_column_inner_1_1 1_1 fusion-flex-column\" style=\"--awb-padding-top:25px;--awb-padding-right:40px;--awb-padding-bottom:20px;--awb-padding-left:40px;--awb-overflow:hidden;--awb-bg-color:var(--awb-color1);--awb-bg-color-hover:var(--awb-color1);--awb-bg-size:cover;--awb-box-shadow:2px 2px 40px 0px hsla(var(--awb-color8-h),var(--awb-color8-s),var(--awb-color8-l),calc(var(--awb-color8-a) - 90%));;--awb-border-radius:0px 0px 0px 25px;--awb-transform:translateY(0px);--awb-transform-hover:translateY(-15px);--awb-width-large:100%;--awb-margin-top-large:-100px;--awb-spacing-right-large:80px;--awb-margin-bottom-large:20px;--awb-spacing-left-large:80px;--awb-width-medium:100%;--awb-order-medium:0;--awb-spacing-right-medium:80px;--awb-spacing-left-medium:80px;--awb-width-small:100%;--awb-order-small:0;--awb-spacing-right-small:1.92%;--awb-spacing-left-small:1.92%;\"><div class=\"fusion-column-wrapper fusion-column-has-shadow fusion-flex-justify-content-flex-start fusion-content-layout-column\"><div class=\"fusion-title title fusion-title-5 fusion-sep-none fusion-title-center fusion-title-text fusion-title-size-four\" style=\"--awb-margin-bottom:10px;--awb-link-color:var(--awb-color8);\"><h4 class=\"fusion-title-heading title-heading-center\" style=\"margin:0;\"><a href=\"https:\/\/conciencialogistica.com\/web\/projects\/senapred\/\" class=\"awb-custom-text-color awb-custom-text-hover-color\" target=\"_self\">SENAPRED<\/a><\/h4><\/div><div class=\"fusion-text fusion-text-5\" style=\"--awb-content-alignment:center;--awb-text-color:var(--awb-color4);\"><p>Integer quam morbi quisque felis<\/p>\n<\/div><\/div><\/div><\/div><\/div><\/li>\n<li class=\"fusion-layout-column fusion_builder_column fusion-builder-column-6 fusion-flex-column post-card fusion-grid-column fusion-post-cards-grid-column\" style=\"--awb-bg-blend:overlay;--awb-bg-size:cover;\"><div class=\"fusion-column-wrapper fusion-flex-justify-content-flex-start fusion-content-layout-column\"><div class=\"fusion-classic-product-image-wrapper fusion-woo-product-image fusion-post-card-image fusion-post-card-image-1 has-aspect-ratio\" data-layout=\"static\" style=\"--awb-border-radius-top-left:10px;--awb-border-radius-top-right:10px;--awb-border-radius-bottom-right:10px;--awb-border-radius-bottom-left:10px;--awb-aspect-ratio:3 \/ 2;\"><div  class=\"fusion-image-wrapper\" aria-haspopup=\"true\">\n\t\t\t\t\t\t\t<a href=\"https:\/\/conciencialogistica.com\/web\/projects\/quilpue\/\" aria-label=\"Municipalidad de Quilpu\u00e9\">\n\t\t\t\t\t\t\t<img decoding=\"async\" width=\"1600\" height=\"1062\" src=\"https:\/\/conciencialogistica.com\/web\/wp-content\/uploads\/2022\/09\/WhatsApp-Image-2024-10-30-at-09.54.10.jpeg\" class=\"attachment-full size-full lazyload wp-post-image\" alt=\"\" srcset=\"data:image\/svg+xml,%3Csvg%20xmlns%3D%27http%3A%2F%2Fwww.w3.org%2F2000%2Fsvg%27%20width%3D%271600%27%20height%3D%271062%27%20viewBox%3D%270%200%201600%201062%27%3E%3Crect%20width%3D%271600%27%20height%3D%271062%27%20fill-opacity%3D%220%22%2F%3E%3C%2Fsvg%3E\" data-orig-src=\"https:\/\/conciencialogistica.com\/web\/wp-content\/uploads\/2022\/09\/WhatsApp-Image-2024-10-30-at-09.54.10.jpeg\" data-srcset=\"https:\/\/conciencialogistica.com\/web\/wp-content\/uploads\/2022\/09\/WhatsApp-Image-2024-10-30-at-09.54.10-200x133.jpeg 200w, https:\/\/conciencialogistica.com\/web\/wp-content\/uploads\/2022\/09\/WhatsApp-Image-2024-10-30-at-09.54.10-400x266.jpeg 400w, https:\/\/conciencialogistica.com\/web\/wp-content\/uploads\/2022\/09\/WhatsApp-Image-2024-10-30-at-09.54.10-600x398.jpeg 600w, https:\/\/conciencialogistica.com\/web\/wp-content\/uploads\/2022\/09\/WhatsApp-Image-2024-10-30-at-09.54.10-800x531.jpeg 800w, https:\/\/conciencialogistica.com\/web\/wp-content\/uploads\/2022\/09\/WhatsApp-Image-2024-10-30-at-09.54.10-1200x797.jpeg 1200w, https:\/\/conciencialogistica.com\/web\/wp-content\/uploads\/2022\/09\/WhatsApp-Image-2024-10-30-at-09.54.10.jpeg 1600w\" data-sizes=\"auto\" \/>\t\t\t<\/a>\n\t\t\t\t\t\t\t<\/div>\n<\/div><div class=\"fusion-builder-row fusion-builder-row-inner fusion-row fusion-flex-align-items-flex-start fusion-flex-content-wrap\" style=\"width:104% !important;max-width:104% !important;margin-left: calc(-4% \/ 2 );margin-right: calc(-4% \/ 2 );\"><div class=\"fusion-layout-column fusion_builder_column_inner fusion-builder-nested-column-4 fusion_builder_column_inner_1_1 1_1 fusion-flex-column\" style=\"--awb-padding-top:25px;--awb-padding-right:40px;--awb-padding-bottom:20px;--awb-padding-left:40px;--awb-overflow:hidden;--awb-bg-color:var(--awb-color1);--awb-bg-color-hover:var(--awb-color1);--awb-bg-size:cover;--awb-box-shadow:2px 2px 40px 0px hsla(var(--awb-color8-h),var(--awb-color8-s),var(--awb-color8-l),calc(var(--awb-color8-a) - 90%));;--awb-border-radius:0px 0px 0px 25px;--awb-transform:translateY(0px);--awb-transform-hover:translateY(-15px);--awb-width-large:100%;--awb-margin-top-large:-100px;--awb-spacing-right-large:80px;--awb-margin-bottom-large:20px;--awb-spacing-left-large:80px;--awb-width-medium:100%;--awb-order-medium:0;--awb-spacing-right-medium:80px;--awb-spacing-left-medium:80px;--awb-width-small:100%;--awb-order-small:0;--awb-spacing-right-small:1.92%;--awb-spacing-left-small:1.92%;\"><div class=\"fusion-column-wrapper fusion-column-has-shadow fusion-flex-justify-content-flex-start fusion-content-layout-column\"><div class=\"fusion-title title fusion-title-6 fusion-sep-none fusion-title-center fusion-title-text fusion-title-size-four\" style=\"--awb-margin-bottom:10px;--awb-link-color:var(--awb-color8);\"><h4 class=\"fusion-title-heading title-heading-center\" style=\"margin:0;\"><a href=\"https:\/\/conciencialogistica.com\/web\/projects\/quilpue\/\" class=\"awb-custom-text-color awb-custom-text-hover-color\" target=\"_self\">Municipalidad de Quilpu\u00e9<\/a><\/h4><\/div><div class=\"fusion-text fusion-text-6\" style=\"--awb-content-alignment:center;--awb-text-color:var(--awb-color4);\"><p>Nulla metus duia ullamcorper<\/p>\n<\/div><\/div><\/div><\/div><\/div><\/li>\n<li class=\"fusion-layout-column fusion_builder_column fusion-builder-column-7 fusion-flex-column post-card fusion-grid-column fusion-post-cards-grid-column\" style=\"--awb-bg-blend:overlay;--awb-bg-size:cover;\"><div class=\"fusion-column-wrapper fusion-flex-justify-content-flex-start fusion-content-layout-column\"><div class=\"fusion-classic-product-image-wrapper fusion-woo-product-image fusion-post-card-image fusion-post-card-image-1 has-aspect-ratio\" data-layout=\"static\" style=\"--awb-border-radius-top-left:10px;--awb-border-radius-top-right:10px;--awb-border-radius-bottom-right:10px;--awb-border-radius-bottom-left:10px;--awb-aspect-ratio:3 \/ 2;\"><div  class=\"fusion-image-wrapper\" aria-haspopup=\"true\">\n\t\t\t\t\t\t\t<a href=\"https:\/\/conciencialogistica.com\/web\/projects\/retoinnovacion\/\" aria-label=\"Reto de Innovaci\u00f3n\">\n\t\t\t\t\t\t\t<img decoding=\"async\" width=\"1156\" height=\"745\" src=\"https:\/\/conciencialogistica.com\/web\/wp-content\/uploads\/2022\/09\/RETO-DE-INNOVACION.jpg\" class=\"attachment-full size-full lazyload wp-post-image\" alt=\"\" srcset=\"data:image\/svg+xml,%3Csvg%20xmlns%3D%27http%3A%2F%2Fwww.w3.org%2F2000%2Fsvg%27%20width%3D%271156%27%20height%3D%27745%27%20viewBox%3D%270%200%201156%20745%27%3E%3Crect%20width%3D%271156%27%20height%3D%27745%27%20fill-opacity%3D%220%22%2F%3E%3C%2Fsvg%3E\" data-orig-src=\"https:\/\/conciencialogistica.com\/web\/wp-content\/uploads\/2022\/09\/RETO-DE-INNOVACION.jpg\" data-srcset=\"https:\/\/conciencialogistica.com\/web\/wp-content\/uploads\/2022\/09\/RETO-DE-INNOVACION-200x129.jpg 200w, https:\/\/conciencialogistica.com\/web\/wp-content\/uploads\/2022\/09\/RETO-DE-INNOVACION-400x258.jpg 400w, https:\/\/conciencialogistica.com\/web\/wp-content\/uploads\/2022\/09\/RETO-DE-INNOVACION-600x387.jpg 600w, https:\/\/conciencialogistica.com\/web\/wp-content\/uploads\/2022\/09\/RETO-DE-INNOVACION-800x516.jpg 800w, https:\/\/conciencialogistica.com\/web\/wp-content\/uploads\/2022\/09\/RETO-DE-INNOVACION.jpg 1156w\" data-sizes=\"auto\" \/>\t\t\t<\/a>\n\t\t\t\t\t\t\t<\/div>\n<\/div><div class=\"fusion-builder-row fusion-builder-row-inner fusion-row fusion-flex-align-items-flex-start fusion-flex-content-wrap\" style=\"width:104% !important;max-width:104% !important;margin-left: calc(-4% \/ 2 );margin-right: calc(-4% \/ 2 );\"><div class=\"fusion-layout-column fusion_builder_column_inner fusion-builder-nested-column-5 fusion_builder_column_inner_1_1 1_1 fusion-flex-column\" style=\"--awb-padding-top:25px;--awb-padding-right:40px;--awb-padding-bottom:20px;--awb-padding-left:40px;--awb-overflow:hidden;--awb-bg-color:var(--awb-color1);--awb-bg-color-hover:var(--awb-color1);--awb-bg-size:cover;--awb-box-shadow:2px 2px 40px 0px hsla(var(--awb-color8-h),var(--awb-color8-s),var(--awb-color8-l),calc(var(--awb-color8-a) - 90%));;--awb-border-radius:0px 0px 0px 25px;--awb-transform:translateY(0px);--awb-transform-hover:translateY(-15px);--awb-width-large:100%;--awb-margin-top-large:-100px;--awb-spacing-right-large:80px;--awb-margin-bottom-large:20px;--awb-spacing-left-large:80px;--awb-width-medium:100%;--awb-order-medium:0;--awb-spacing-right-medium:80px;--awb-spacing-left-medium:80px;--awb-width-small:100%;--awb-order-small:0;--awb-spacing-right-small:1.92%;--awb-spacing-left-small:1.92%;\"><div class=\"fusion-column-wrapper fusion-column-has-shadow fusion-flex-justify-content-flex-start fusion-content-layout-column\"><div class=\"fusion-title title fusion-title-7 fusion-sep-none fusion-title-center fusion-title-text fusion-title-size-four\" style=\"--awb-margin-bottom:10px;--awb-link-color:var(--awb-color8);\"><h4 class=\"fusion-title-heading title-heading-center\" style=\"margin:0;\"><a href=\"https:\/\/conciencialogistica.com\/web\/projects\/retoinnovacion\/\" class=\"awb-custom-text-color awb-custom-text-hover-color\" target=\"_self\">Reto de Innovaci\u00f3n<\/a><\/h4><\/div><div class=\"fusion-text fusion-text-7\" style=\"--awb-content-alignment:center;--awb-text-color:var(--awb-color4);\"><p>Class apten tacis socioq litora<\/p>\n<\/div><\/div><\/div><\/div><\/div><\/li>\n<li class=\"fusion-layout-column fusion_builder_column fusion-builder-column-8 fusion-flex-column post-card fusion-grid-column fusion-post-cards-grid-column\" style=\"--awb-bg-blend:overlay;--awb-bg-size:cover;\"><div class=\"fusion-column-wrapper fusion-flex-justify-content-flex-start fusion-content-layout-column\"><div class=\"fusion-classic-product-image-wrapper fusion-woo-product-image fusion-post-card-image fusion-post-card-image-1 has-aspect-ratio\" data-layout=\"static\" style=\"--awb-border-radius-top-left:10px;--awb-border-radius-top-right:10px;--awb-border-radius-bottom-right:10px;--awb-border-radius-bottom-left:10px;--awb-aspect-ratio:3 \/ 2;\"><div  class=\"fusion-image-wrapper\" aria-haspopup=\"true\">\n\t\t\t\t\t\t\t<a href=\"https:\/\/conciencialogistica.com\/web\/projects\/girozero\/\" aria-label=\"Giro Zero Project\">\n\t\t\t\t\t\t\t<img decoding=\"async\" width=\"1289\" height=\"775\" src=\"https:\/\/conciencialogistica.com\/web\/wp-content\/uploads\/2022\/09\/GIRO-ZERO.jpg\" class=\"attachment-full size-full lazyload wp-post-image\" alt=\"\" srcset=\"data:image\/svg+xml,%3Csvg%20xmlns%3D%27http%3A%2F%2Fwww.w3.org%2F2000%2Fsvg%27%20width%3D%271289%27%20height%3D%27775%27%20viewBox%3D%270%200%201289%20775%27%3E%3Crect%20width%3D%271289%27%20height%3D%27775%27%20fill-opacity%3D%220%22%2F%3E%3C%2Fsvg%3E\" data-orig-src=\"https:\/\/conciencialogistica.com\/web\/wp-content\/uploads\/2022\/09\/GIRO-ZERO.jpg\" data-srcset=\"https:\/\/conciencialogistica.com\/web\/wp-content\/uploads\/2022\/09\/GIRO-ZERO-200x120.jpg 200w, https:\/\/conciencialogistica.com\/web\/wp-content\/uploads\/2022\/09\/GIRO-ZERO-400x240.jpg 400w, https:\/\/conciencialogistica.com\/web\/wp-content\/uploads\/2022\/09\/GIRO-ZERO-600x361.jpg 600w, https:\/\/conciencialogistica.com\/web\/wp-content\/uploads\/2022\/09\/GIRO-ZERO-800x481.jpg 800w, https:\/\/conciencialogistica.com\/web\/wp-content\/uploads\/2022\/09\/GIRO-ZERO-1200x721.jpg 1200w, https:\/\/conciencialogistica.com\/web\/wp-content\/uploads\/2022\/09\/GIRO-ZERO.jpg 1289w\" data-sizes=\"auto\" \/>\t\t\t<\/a>\n\t\t\t\t\t\t\t<\/div>\n<\/div><div class=\"fusion-builder-row fusion-builder-row-inner fusion-row fusion-flex-align-items-flex-start fusion-flex-content-wrap\" style=\"width:104% !important;max-width:104% !important;margin-left: calc(-4% \/ 2 );margin-right: calc(-4% \/ 2 );\"><div class=\"fusion-layout-column fusion_builder_column_inner fusion-builder-nested-column-6 fusion_builder_column_inner_1_1 1_1 fusion-flex-column\" style=\"--awb-padding-top:25px;--awb-padding-right:40px;--awb-padding-bottom:20px;--awb-padding-left:40px;--awb-overflow:hidden;--awb-bg-color:var(--awb-color1);--awb-bg-color-hover:var(--awb-color1);--awb-bg-size:cover;--awb-box-shadow:2px 2px 40px 0px hsla(var(--awb-color8-h),var(--awb-color8-s),var(--awb-color8-l),calc(var(--awb-color8-a) - 90%));;--awb-border-radius:0px 0px 0px 25px;--awb-transform:translateY(0px);--awb-transform-hover:translateY(-15px);--awb-width-large:100%;--awb-margin-top-large:-100px;--awb-spacing-right-large:80px;--awb-margin-bottom-large:20px;--awb-spacing-left-large:80px;--awb-width-medium:100%;--awb-order-medium:0;--awb-spacing-right-medium:80px;--awb-spacing-left-medium:80px;--awb-width-small:100%;--awb-order-small:0;--awb-spacing-right-small:1.92%;--awb-spacing-left-small:1.92%;\"><div class=\"fusion-column-wrapper fusion-column-has-shadow fusion-flex-justify-content-flex-start fusion-content-layout-column\"><div class=\"fusion-title title fusion-title-8 fusion-sep-none fusion-title-center fusion-title-text fusion-title-size-four\" style=\"--awb-margin-bottom:10px;--awb-link-color:var(--awb-color8);\"><h4 class=\"fusion-title-heading title-heading-center\" style=\"margin:0;\"><a href=\"https:\/\/conciencialogistica.com\/web\/projects\/girozero\/\" class=\"awb-custom-text-color awb-custom-text-hover-color\" target=\"_self\">Giro Zero Project<\/a><\/h4><\/div><div class=\"fusion-text fusion-text-8\" style=\"--awb-content-alignment:center;--awb-text-color:var(--awb-color4);\"><p>Praesent mauris fusce tel augue<\/p>\n<\/div><\/div><\/div><\/div><\/div><\/li>\n<\/ul><\/div><\/div><\/div><\/div><\/div><\/p>\n","protected":false},"excerpt":{"rendered":"","protected":false},"author":1,"featured_media":0,"parent":0,"menu_order":0,"comment_status":"closed","ping_status":"closed","template":"100-width.php","meta":{"_acf_changed":false,"footnotes":""},"class_list":["post-1319","page","type-page","status-publish","hentry"],"acf":[],"_links":{"self":[{"href":"https:\/\/conciencialogistica.com\/web\/wp-json\/wp\/v2\/pages\/1319","targetHints":{"allow":["GET"]}}],"collection":[{"href":"https:\/\/conciencialogistica.com\/web\/wp-json\/wp\/v2\/pages"}],"about":[{"href":"https:\/\/conciencialogistica.com\/web\/wp-json\/wp\/v2\/types\/page"}],"author":[{"embeddable":true,"href":"https:\/\/conciencialogistica.com\/web\/wp-json\/wp\/v2\/users\/1"}],"replies":[{"embeddable":true,"href":"https:\/\/conciencialogistica.com\/web\/wp-json\/wp\/v2\/comments?post=1319"}],"version-history":[{"count":3,"href":"https:\/\/conciencialogistica.com\/web\/wp-json\/wp\/v2\/pages\/1319\/revisions"}],"predecessor-version":[{"id":3957,"href":"https:\/\/conciencialogistica.com\/web\/wp-json\/wp\/v2\/pages\/1319\/revisions\/3957"}],"wp:attachment":[{"href":"https:\/\/conciencialogistica.com\/web\/wp-json\/wp\/v2\/media?parent=1319"}],"curies":[{"name":"wp","href":"https:\/\/api.w.org\/{rel}","templated":true}]}}